{"id":1281,"date":"2021-09-23T08:59:21","date_gmt":"2021-09-23T08:59:21","guid":{"rendered":"https:\/\/5un7.fr\/?page_id=1281"},"modified":"2021-10-14T07:37:39","modified_gmt":"2021-10-14T07:37:39","slug":"les-aulx","status":"publish","type":"page","link":"https:\/\/5un7.fr\/index.php\/les-aulx\/","title":{"rendered":""},"content":{"rendered":"<div class=\"vce-row-container\" data-vce-boxed-width=\"true\"><div class=\"vce-row vce-row--col-gap-30 vce-row-equal-height vce-row-content--top\" id=\"el-d955fa3c\" data-vce-do-apply=\"all el-d955fa3c\"><div class=\"vce-row-content\" data-vce-element-content=\"true\"><div class=\"vce-col vce-col--md-auto vce-col--xs-1 vce-col--xs-last vce-col--xs-first vce-col--sm-last vce-col--sm-first vce-col--md-last vce-col--lg-last vce-col--xl-last vce-col--md-first vce-col--lg-first vce-col--xl-first\" id=\"el-9850c842\"><div class=\"vce-col-inner\" data-vce-do-apply=\"border margin background  el-9850c842\"><div class=\"vce-col-content\" data-vce-element-content=\"true\" data-vce-do-apply=\"padding el-9850c842\"><div class=\"vce-text-block\"><div class=\"vce-text-block-wrapper vce\" id=\"el-f877ccef\" data-vce-do-apply=\"all el-f877ccef\"><h2 style=\"text-align: center;\"><strong style=\"margin-bottom: 0px; font-size: 18px; text-align: center;\">Les Aulx - 30.10.2020 \/ 15.12.2020<\/strong><\/h2><p>&nbsp;<\/p><\/div><\/div><div class=\"vce-single-image-container vce-single-image--align-left\"><div class=\"vce vce-single-image-wrapper\" id=\"el-51757e68\" data-vce-do-apply=\"all el-51757e68\"><figure><div class=\"vce-single-image-inner vce-single-image--absolute\" style=\"padding-bottom: 70.7641%; width: 903px;\"><img loading=\"lazy\" decoding=\"async\" class=\"vce-single-image vcv-lozad\" data-src=\"https:\/\/5un7.fr\/wp-content\/uploads\/2021\/09\/5un7.jpeg\" width=\"903\" height=\"639\" src=\"\" data-img-src=\"https:\/\/5un7.fr\/wp-content\/uploads\/2021\/09\/5un7.jpeg\" alt=\"\" title=\"5un7\" \/><noscript>\n        <img loading=\"lazy\" decoding=\"async\" class=\"vce-single-image\" src=\"https:\/\/5un7.fr\/wp-content\/uploads\/2021\/09\/5un7.jpeg\" width=\"903\" height=\"639\" alt=\"\" title=\"5un7\" \/>\n      <\/noscript><\/div><figcaption hidden=\"\"><\/figcaption><\/figure><\/div><\/div><div class=\"vce-row-container\" data-vce-boxed-width=\"true\"><div class=\"vce-row vce-row--col-gap-30 vce-row-equal-height vce-row-content--top\" id=\"el-edc9c2ca\" data-vce-do-apply=\"all el-edc9c2ca\"><div class=\"vce-row-content\" data-vce-element-content=\"true\"><div class=\"vce-col vce-col--md-auto vce-col--xs-1 vce-col--xs-last vce-col--xs-first vce-col--sm-last vce-col--sm-first vce-col--md-last vce-col--lg-last vce-col--xl-last vce-col--md-first vce-col--lg-first vce-col--xl-first\" id=\"el-ceaabc5f\"><div class=\"vce-col-inner\" data-vce-do-apply=\"border margin background  el-ceaabc5f\"><div class=\"vce-col-content\" data-vce-element-content=\"true\" data-vce-do-apply=\"padding el-ceaabc5f\"><\/div><\/div><\/div><\/div><\/div><\/div><div class=\"vce-image-gallery vce-image-gallery--gap-10 vce-image-gallery--columns-3\"><div class=\"vce-image-gallery-wrapper vce\" id=\"el-66be65e8\" data-vce-do-apply=\"all el-66be65e8\"><div class=\"vce-image-gallery-list\"><\/div><\/div><\/div><div class=\"vce-text-block\"><div class=\"vce-text-block-wrapper vce\" id=\"el-62c0164f\" data-vce-do-apply=\"all el-62c0164f\"><p class=\"p1\"><span class=\"s1\"><strong>LES AULX<\/strong> <\/span><span class=\"s1\"><br>30 Octobre au 15 D\u00e9cembre 2020<\/span><\/p>\n<p>Photo : Portes de la galerie ferm\u00e9es lors du second confinement. \u00c0 gauche : Affiche Laurent Lacotte, format A4, impression noir et blanc, 2020. \u00c0 droite : Logo 5UN7, Angelica Bauer, Acrylique sur papier contre-coll\u00e9, 110 x 170 cm, 2015<\/p>\n<p class=\"p1\"><span class=\"s1\">Le projet \" LES AULX \" est une narration quotidienne de ma vie en confinement, moi Marc Henri Garcia artiste plasticien, commissaire d'exposition, \u00e9crivain al\u00e9atoire, musicien approximatif, etc...<\/span><\/p>\n<p class=\"p1\"><span class=\"s1\">Ce projet est donc par d\u00e9finition \u00e9volutif car d\u00e9pendant des contingences actuelles, pour le moment le projet est sous forme r\u00e9dactionnel plut\u00f4t r\u00e9aliste, mais les intentions et la forme pourraient \u00e9voluer au gr\u00e8s des \u00e9v\u00e9nements, des intervenants, des moyens et bien-s\u00fbr de mon imagination.<\/span><\/p>\n<p class=\"p1\"><span class=\"s1\">Bien cordialement Marc Henri Garcia.<\/span><\/p>\n<p class=\"p1\"><span class=\"s1\">Au plaisir de vous retrouver apr\u00e8s l'Apocalypse...<\/span><\/p>\n<p class=\"p1\"><span class=\"s1\">Extrait de texte : <\/span><\/p>\n<p class=\"p1\"><span class=\"s1\">LES AULX<\/span><\/p>\n<p class=\"p1\"><span class=\"s1\">C'est le troisi\u00e8me jour, je n'\u00e9prouvais pas le besoin d'\u00e9crire jusque-l\u00e0 mais hier j'ai appris un nouveau mot, je dois le noter quelque-part avant de le perdre dans les m\u00e9andres de mon esprit \u00e9tourdi par le vin.<\/span><\/p>\n<p class=\"p1\"><span class=\"s1\">\" Les Aulx \", ce serait selon mon ami concertiste Vincent Malgrange le pluriel de l'ail, j'ai donc pass\u00e9 40 ans sans me poser la question de la pluralit\u00e9 du mot ail en fran\u00e7ais, et c'est donc gr\u00e2ce \u00e0 ces trois jours de confinement avec mon ami Vincent et son violoncelle que je mourrai un peu moins con !<\/span><\/p>\n<p class=\"p1\">Je me suis retrouv\u00e9 \u00e0 quelques encablures de Bordeaux en pleine campagne foyenne.&nbsp;<\/p>\n<p class=\"p1\"><span class=\"s1\">Il y a du chauffage, internet de mani\u00e8re al\u00e9atoire, l'eau courante \"froide\", quelques prises de courant fonctionnelles, un stock de p\u00e2tes, de cookies, de chocolats et d'alcools, une lampe jaune en forme d'ananas, et pour hobby le d\u00e9collage du papier peint en toile de Jouy.<\/span><\/p>\n<p class=\"p1\"><span class=\"s1\">Ce fut une parenth\u00e8se de bonheur, notre bulle de premi\u00e8re n\u00e9cessit\u00e9 improvis\u00e9e en ce d\u00e9but de crise sanitaire. Au programme de cette idylle, quelques travaux de d\u00e9molition, mais surtout de longues soir\u00e9es autour du feu affair\u00e9s a trouv\u00e9 la cuisson parfaite des grillades et descendre le stock de St Emilion de la galerie en regardant des classiques de la nouvelle vague projet\u00e9e sur le mur de l'EPHAD d'en face r\u00e9cemment interdit au public.<\/span><\/p>\n<p class=\"p1\"><span class=\"s1\">Se rapprocher de Bordeaux m'\u00e9loigne du doux roman de science-fiction qui s'installait paisiblement en marge de l'apocalypse. Plus la densit\u00e9 de personnes au km\u00b2 est grande plus le risque de crever comme une merde avec un masque sur la gueule d'une pand\u00e9mie mondiale n'est plus une web-s\u00e9rie d'anticipation techno-fataliste mais la r\u00e9alit\u00e9 sordide d'une extinction d'esp\u00e8ce parmi d'autres en ce d\u00e9but de si\u00e8cle !<\/span><\/p>\n<p class=\"p1\"><span class=\"s1\">Ce soir 500 morts de plus, \"Agueusie\", c'est le nouveau mot que j'ai appris aujourd'hui, c'est fou ce que la langue fran\u00e7aise est riche, 5 jours de confinement et encore un soir ou je me coucherai moins con. C'est la perte de go\u00fbt, putain c'est l'horreur !<\/span><\/p>\n<p class=\"p1\"><span class=\"s1\">Ce serait l'un des principaux sympt\u00f4mes avec la toux la fi\u00e8vre et l'asphyxie, en m\u00eame temps sans go\u00fbt, mieux vaut crever. Question d'Esth\u00e9tique !<\/span><\/p>\n<p class=\"p1\"><span class=\"s1\">Il a du potentiel le bougre, j'esp\u00e8re que la grande faucheuse en masque FFP2, ou les services de l'immigration ne nous l'enl\u00e8veront pas avant qu'on ait pu refaire le monde ensemble au comptoir du bar des sports !<\/span><\/p>\n<p class=\"p1\"><span class=\"s1\">\u00c0 suivre...<\/span><\/p><\/div><\/div><\/div><\/div><\/div><\/div><\/div><\/div><div class=\"vce-row-container\" data-vce-boxed-width=\"true\"><div class=\"vce-row vce-row--col-gap-30 vce-row-equal-height vce-row-content--top\" id=\"el-099a779d\" data-vce-do-apply=\"all el-099a779d\"><div class=\"vce-row-content\" data-vce-element-content=\"true\"><div class=\"vce-col vce-col--md-auto vce-col--xs-1 vce-col--xs-last vce-col--xs-first vce-col--sm-last vce-col--sm-first vce-col--md-last vce-col--lg-last vce-col--xl-last vce-col--md-first vce-col--lg-first vce-col--xl-first\" id=\"el-1f104cc3\"><div class=\"vce-col-inner\" data-vce-do-apply=\"border margin background  el-1f104cc3\"><div class=\"vce-col-content\" data-vce-element-content=\"true\" data-vce-do-apply=\"padding el-1f104cc3\"><\/div><\/div><\/div><\/div><\/div><\/div>\n","protected":false},"excerpt":{"rendered":"<p>Les Aulx &#8211; 30.10.2020 \/ 15.12.2020&nbsp; LES AULX 30 Octobre au 15 D\u00e9cembre 2020 Photo : Portes de la galerie ferm\u00e9es lors du second confinement. \u00c0 gauche :&#8230;<\/p>\n","protected":false},"author":1,"featured_media":0,"parent":0,"menu_order":0,"comment_status":"closed","ping_status":"closed","template":"","meta":{"footnotes":""},"class_list":["post-1281","page","type-page","status-publish","hentry"],"_links":{"self":[{"href":"https:\/\/5un7.fr\/index.php\/wp-json\/wp\/v2\/pages\/1281","targetHints":{"allow":["GET"]}}],"collection":[{"href":"https:\/\/5un7.fr\/index.php\/wp-json\/wp\/v2\/pages"}],"about":[{"href":"https:\/\/5un7.fr\/index.php\/wp-json\/wp\/v2\/types\/page"}],"author":[{"embeddable":true,"href":"https:\/\/5un7.fr\/index.php\/wp-json\/wp\/v2\/users\/1"}],"replies":[{"embeddable":true,"href":"https:\/\/5un7.fr\/index.php\/wp-json\/wp\/v2\/comments?post=1281"}],"version-history":[{"count":7,"href":"https:\/\/5un7.fr\/index.php\/wp-json\/wp\/v2\/pages\/1281\/revisions"}],"predecessor-version":[{"id":1374,"href":"https:\/\/5un7.fr\/index.php\/wp-json\/wp\/v2\/pages\/1281\/revisions\/1374"}],"wp:attachment":[{"href":"https:\/\/5un7.fr\/index.php\/wp-json\/wp\/v2\/media?parent=1281"}],"curies":[{"name":"wp","href":"https:\/\/api.w.org\/{rel}","templated":true}]}}